{"id":5964,"date":"2019-04-23T13:28:04","date_gmt":"2019-04-23T18:28:04","guid":{"rendered":"https:\/\/finteqc.uqar.ca\/2019\/?page_id=5964"},"modified":"2019-06-03T14:08:05","modified_gmt":"2019-06-03T19:08:05","slug":"prog-overview","status":"publish","type":"page","link":"https:\/\/finteqc.uqar.ca\/2019\/prog-overview\/","title":{"rendered":"Program overview"},"content":{"rendered":"<h1><strong>The FinteQC 2019 conference program at a glance<\/strong><\/h1>\n<div class=\"gdlr-shortcode-wrapper\"><div class=\"gdlr-item gdlr-tab-item horizontal\" ><div class=\"tab-title-wrapper\" ><h4 class=\"tab-title active\" ><span>DAY 1: 5 June<\/span><\/h4><h4 class=\"tab-title\" ><span>DAY 2: 6 June<\/span><\/h4><\/div><div class=\"tab-content-wrapper\" ><div class=\"tab-content active\" ><table style=\"height: 173px;\" width=\"100%\" cellspacing=\"3\" cellpadding=\"3\">\n<tbody>\n<tr>\n<td colspan=\"2\" align=\"center\">\n<table style=\"height: 173px;\" width=\"100%\" cellspacing=\"3\" cellpadding=\"3\">\n<tbody>\n<tr>\n<th align=\"left\" width=\"108\"><\/th>\n<th align=\"left\" width=\"147\"><\/th>\n<th colspan=\"2\"><strong>5 June<\/strong><\/th>\n<\/tr>\n<tr>\n<td align=\"left\"><strong>7\u00a0:30 \u2013 16:30<\/strong><\/td>\n<td>L\u2019Atrium Desjardins<\/td>\n<td colspan=\"2\" align=\"center\">Registration<\/td>\n<\/tr>\n<tr>\n<td align=\"left\" valign=\"top\"><strong>8:30 \u2013 8:50<\/strong><\/td>\n<td>Amphith\u00e9\u00e2tre Telus<\/td>\n<td colspan=\"2\" align=\"center\">Welcome address<\/p>\n<p><strong>Jean-Pierre Ouellet<\/strong>, Rector, UQAR.<br \/>\n<strong>Sandra Rousseau,<\/strong> Desjardins<\/td>\n<\/tr>\n<tr>\n<td align=\"left\"><strong>8:50 \u2013 9:35<\/strong><\/td>\n<td>L\u2019Atrium Desjardins<\/td>\n<td colspan=\"2\" align=\"center\">L&#8217;innovation au c\u0153ur de la transformation digitale<\/p>\n<p><strong>Fran\u00e7ois Dion <\/strong><\/td>\n<\/tr>\n<tr>\n<td align=\"left\"><strong>9:35 &#8211; 09:55<\/strong><\/td>\n<td>L\u2019Atrium Desjardins<\/td>\n<td colspan=\"2\" align=\"center\"><em>Coffee break<\/em><\/td>\n<\/tr>\n<tr>\n<td align=\"left\"><strong>10:00 &#8211; 11:15<\/strong><\/td>\n<td>Amphith\u00e9\u00e2tre Telus<\/td>\n<td colspan=\"2\" align=\"center\">Utilisation de l\u2019intelligence artificielle en finance : D\u00e9fis et opportunit\u00e9s<br \/>\n<strong> Panel <\/strong><\/td>\n<\/tr>\n<tr>\n<td align=\"left\"><strong>11:15- 12:00<\/strong><\/td>\n<td>Amphith\u00e9\u00e2tre Telus<\/td>\n<td colspan=\"2\" align=\"center\">Asset Tokenization: What it is and why it matters<br \/>\n<strong> Patrick Sch\u00fcffel <\/strong><\/td>\n<\/tr>\n<tr>\n<td align=\"left\"><strong>12:00- 13:05<\/strong><\/td>\n<td>Caf\u00e9t\u00e9ria<\/td>\n<td colspan=\"2\" align=\"center\">\n<p align=\"center\">Lunch<\/p>\n<\/td>\n<\/tr>\n<tr>\n<td colspan=\"2\" align=\"left\"><\/td>\n<td align=\"center\" bgcolor=\"#99CC00\" width=\"507\"><strong>TRACK A<\/strong><\/td>\n<td align=\"center\" bgcolor=\"#99CC00\" width=\"418\"><strong>TRACK B<\/strong><\/td>\n<\/tr>\n<tr>\n<td align=\"left\"><\/td>\n<td><\/td>\n<td align=\"center\">L\u2019impact des nouvelles technologies sur les humains<\/p>\n<p><strong><em>World Caf\u00e9<\/em><\/strong><br \/>\n<strong>13 :05 &#8211; 14 :20<\/strong><br \/>\nLocal : PUB l\u2019interdit<\/td>\n<td align=\"center\">\n<p align=\"center\">Technologie Blockchain en Fintech<\/p>\n<p align=\"center\"><strong><em>Worshop<\/em><\/strong><br \/>\n<strong>13\u00a0:15 &#8211; 14\u00a0:15 <\/strong><br \/>\nLocal\u00a0: Amphith\u00e9\u00e2tre Telus<\/p>\n<\/td>\n<\/tr>\n<tr>\n<td align=\"left\"><strong>14:20- 15:35<\/strong><\/td>\n<td><\/td>\n<td align=\"center\">\n<p align=\"center\">L\u2019\u00e9thique, propri\u00e9t\u00e9 et gouvernance autour de la donn\u00e9e<\/p>\n<p align=\"center\"><strong>Panel<\/strong><br \/>\nLocal\u00a0: Amphith\u00e9\u00e2tre Telus<\/p>\n<p>&nbsp;<\/td>\n<td align=\"center\">\n<p align=\"center\">Machine Learning \/ Cryptocurrencies<\/p>\n<p><strong>Session 1 <\/strong><br \/>\nLocal : 4034<\/td>\n<\/tr>\n<tr>\n<td align=\"left\"><strong>15:35 &#8211; 15:50<\/strong><\/td>\n<td>L\u2019Atrium Desjardins<\/td>\n<td colspan=\"2\" align=\"center\"><em>Coffee break<\/em><\/td>\n<\/tr>\n<tr>\n<td align=\"left\"><strong>15:50 &#8211; 16:35<\/strong><\/td>\n<td>Amphith\u00e9\u00e2tre Telus<\/td>\n<td colspan=\"2\" align=\"center\">Open Banking anticipated to Improve Customer Onboarding<br \/>\n<strong>James Burnick<\/strong><\/td>\n<\/tr>\n<\/tbody>\n<\/table>\n<\/td>\n<\/tr>\n<\/tbody>\n<\/table>\n<p>&nbsp;<\/p>\n<table border=\"0\" width=\"100%\" cellspacing=\"2\" cellpadding=\"2\">\n<tbody>\n<tr>\n<th scope=\"col\" width=\"10%\"><strong>17:30 \u2013 20:00<\/strong><\/th>\n<th scope=\"col\" width=\"10%\">&#8212;<\/th>\n<th scope=\"col\" width=\"80%\"><strong>Social event : Desjardins : Basilaire LOUNGE B2 ( 150 Rue des Commandeurs)<\/strong><\/th>\n<\/tr>\n<\/tbody>\n<\/table>\n<\/div><div class=\"tab-content\" ><table style=\"height: 173px;\" width=\"100%\" cellspacing=\"0\" cellpadding=\"0\">\n<tbody>\n<tr>\n<th align=\"left\" width=\"110\"><\/th>\n<th align=\"left\" width=\"162\"><\/th>\n<th colspan=\"2\"><strong>6 June<\/strong><\/th>\n<\/tr>\n<tr>\n<td align=\"left\"><strong>7\u00a0:30 \u2013 15:00<\/strong><\/td>\n<td>L\u2019Atrium Desjardins<\/td>\n<td colspan=\"2\" align=\"center\">Registration<\/td>\n<\/tr>\n<tr>\n<td align=\"left\"><strong>8:30 \u2013 9:20<\/strong><\/td>\n<td>Amphith\u00e9\u00e2tre Telus<\/td>\n<td colspan=\"2\" align=\"center\">\n<p align=\"center\">The API Economy and Digital Transformation in Financial Services:<br \/>\nThe Case of Open Banking<br \/>\n<strong>Markos Zachariadis<\/strong><\/p>\n<\/td>\n<\/tr>\n<tr>\n<td align=\"left\"><strong>9:25 \u2013 10:40<\/strong><\/td>\n<td>Amphith\u00e9\u00e2tre Telus<\/td>\n<td colspan=\"2\" align=\"center\">Cybers\u00e9curit\u00e9, appui primordial dans l\u2019int\u00e9gration de solutions Fintech<br \/>\n<strong>Panel<\/strong><\/td>\n<\/tr>\n<tr>\n<td align=\"left\"><strong>10:40 &#8211; 11:00<\/strong><\/td>\n<td>L\u2019Atrium Desjardins<\/td>\n<td colspan=\"2\" align=\"center\"><em>Coffee break<\/em><\/td>\n<\/tr>\n<tr>\n<td colspan=\"2\" align=\"left\"><\/td>\n<td align=\"center\" bgcolor=\"#99CC00\"><strong>VOLET A<\/strong><\/td>\n<td align=\"center\" bgcolor=\"#99CC00\"><strong>VOLET B<\/strong><\/td>\n<\/tr>\n<tr>\n<td align=\"left\" valign=\"top\" height=\"85\"><strong>11:00 &#8211; 12:00<\/strong><\/td>\n<td><\/td>\n<td align=\"center\">Financial services &amp; Digital transformation<\/p>\n<p><strong>Session 2 <\/strong><br \/>\nLieu : Amphith\u00e9\u00e2tre Telus<\/td>\n<td align=\"center\">Emergent technologies in the Financial sector<\/p>\n<p><strong>Session 3<\/strong><br \/>\nLieu : 4034<\/td>\n<\/tr>\n<tr>\n<td align=\"left\"><strong>12:15-13:30<\/strong><\/td>\n<td>&#8212;<\/td>\n<td colspan=\"2\" align=\"center\">D\u00eener<\/td>\n<\/tr>\n<tr>\n<td align=\"left\"><\/td>\n<td><\/td>\n<td align=\"center\" bgcolor=\"#99CC00\"><strong>VOLET A<\/strong><\/td>\n<td align=\"center\" bgcolor=\"#99CC00\"><strong>VOLET B<\/strong><\/td>\n<\/tr>\n<tr>\n<td align=\"left\"><strong>13:30 &#8211; 14:45<\/strong><\/td>\n<td>&#8212;<\/td>\n<td align=\"center\" width=\"510\">Partnerships &#8211; Quebec&#8217;s key to global Fintech leadership<\/p>\n<p><strong>Panel<\/strong><br \/>\nLocal : Amphith\u00e9\u00e2tre Telus<\/td>\n<td align=\"center\" width=\"437\">Social and individual considerations in Fintech<\/p>\n<p><strong>Session 4 <\/strong><br \/>\nLocal : 4034<\/td>\n<\/tr>\n<tr>\n<td align=\"left\"><strong>14:45-15:00<\/strong><\/td>\n<td><\/td>\n<td colspan=\"2\" align=\"center\"><em>Coffee break<\/em><\/td>\n<\/tr>\n<tr>\n<td align=\"left\" valign=\"top\"><strong>15:00- 15:45<\/strong><\/td>\n<td>Amphith\u00e9\u00e2tre Telus<\/td>\n<td colspan=\"2\" align=\"center\">L&#8217;apport des Fintech dans le d\u00e9veloppement de l&#8217;exp\u00e9rience membres et clients chez Desjardins.<br \/>\n<strong>Nathalie Larue<\/strong><\/td>\n<\/tr>\n<tr>\n<td align=\"left\" valign=\"top\"><strong>15:45 \u2013 15:50<\/strong><\/td>\n<td>Amphith\u00e9\u00e2tre Telus<\/td>\n<td colspan=\"2\" align=\"center\">\n<p align=\"center\">Best Communication Award announcement<br \/>\n<strong>Sylvie Morin,<\/strong> <em>UQAR<\/em><\/p>\n<\/td>\n<\/tr>\n<tr>\n<td align=\"left\" valign=\"top\" height=\"38\"><strong>16:40 &#8211; 17:00<\/strong><\/td>\n<td>Amphith\u00e9\u00e2tre Telus<\/td>\n<td colspan=\"2\" align=\"center\">Closing speech<br \/>\n<strong>Sandra Rousseau<\/strong>, Desjardins<br \/>\n<strong>Hamid Nach,<\/strong> UQAR<\/td>\n<\/tr>\n<\/tbody>\n<\/table>\n<p>&nbsp;<\/p>\n<p>&nbsp;<\/p>\n<\/div><\/div><div class=\"clear\"><\/div><\/div><\/div>\n<ul>\n<li><em>The language of the presentation is that of the title\u00a0<\/em><\/li>\n<\/ul>\n<p style=\"text-align: center;\">\n","protected":false},"excerpt":{"rendered":"<p>The FinteQC 2019 conference program at a glance The language of the presentation is that of the title\u00a0<\/p>\n","protected":false},"author":1,"featured_media":0,"parent":0,"menu_order":0,"comment_status":"closed","ping_status":"closed","template":"","meta":{"footnotes":""},"class_list":["post-5964","page","type-page","status-publish","hentry"],"yoast_head":"<!-- This site is optimized with the Yoast SEO plugin v17.2.1 - https:\/\/yoast.com\/wordpress\/plugins\/seo\/ -->\n<title>Program overview - FinteQC 2019<\/title>\n<meta name=\"robots\" content=\"index, follow, max-snippet:-1, max-image-preview:large, max-video-preview:-1\" \/>\n<link rel=\"canonical\" href=\"https:\/\/finteqc.uqar.ca\/2019\/prog-overview\/\" \/>\n<meta property=\"og:locale\" content=\"en_US\" \/>\n<meta property=\"og:type\" content=\"article\" \/>\n<meta property=\"og:title\" content=\"Program overview - FinteQC 2019\" \/>\n<meta property=\"og:description\" content=\"The FinteQC 2019 conference program at a glance The language of the presentation is that of the title\u00a0\" \/>\n<meta property=\"og:url\" content=\"https:\/\/finteqc.uqar.ca\/2019\/prog-overview\/\" \/>\n<meta property=\"og:site_name\" content=\"FinteQC 2019\" \/>\n<meta property=\"article:modified_time\" content=\"2019-06-03T19:08:05+00:00\" \/>\n<meta name=\"twitter:card\" content=\"summary_large_image\" \/>\n<meta name=\"twitter:label1\" content=\"Est. reading time\" \/>\n\t<meta name=\"twitter:data1\" content=\"2 minutes\" \/>\n<script type=\"application\/ld+json\" class=\"yoast-schema-graph\">{\"@context\":\"https:\/\/schema.org\",\"@graph\":[{\"@type\":\"WebSite\",\"@id\":\"https:\/\/finteqc.uqar.ca\/2019\/#website\",\"url\":\"https:\/\/finteqc.uqar.ca\/2019\/\",\"name\":\"FinteQC 2019\",\"description\":\"The 1st annual Conference on Fintech and Banking Transformation\",\"potentialAction\":[{\"@type\":\"SearchAction\",\"target\":{\"@type\":\"EntryPoint\",\"urlTemplate\":\"https:\/\/finteqc.uqar.ca\/2019\/?s={search_term_string}\"},\"query-input\":\"required name=search_term_string\"}],\"inLanguage\":\"en-US\"},{\"@type\":\"WebPage\",\"@id\":\"https:\/\/finteqc.uqar.ca\/2019\/prog-overview\/#webpage\",\"url\":\"https:\/\/finteqc.uqar.ca\/2019\/prog-overview\/\",\"name\":\"Program overview - FinteQC 2019\",\"isPartOf\":{\"@id\":\"https:\/\/finteqc.uqar.ca\/2019\/#website\"},\"datePublished\":\"2019-04-23T18:28:04+00:00\",\"dateModified\":\"2019-06-03T19:08:05+00:00\",\"breadcrumb\":{\"@id\":\"https:\/\/finteqc.uqar.ca\/2019\/prog-overview\/#breadcrumb\"},\"inLanguage\":\"en-US\",\"potentialAction\":[{\"@type\":\"ReadAction\",\"target\":[\"https:\/\/finteqc.uqar.ca\/2019\/prog-overview\/\"]}]},{\"@type\":\"BreadcrumbList\",\"@id\":\"https:\/\/finteqc.uqar.ca\/2019\/prog-overview\/#breadcrumb\",\"itemListElement\":[{\"@type\":\"ListItem\",\"position\":1,\"name\":\"Accueil\",\"item\":\"https:\/\/finteqc.uqar.ca\/2019\/\"},{\"@type\":\"ListItem\",\"position\":2,\"name\":\"Program overview\"}]}]}<\/script>\n<!-- \/ Yoast SEO plugin. -->","yoast_head_json":{"title":"Program overview - FinteQC 2019","robots":{"index":"index","follow":"follow","max-snippet":"max-snippet:-1","max-image-preview":"max-image-preview:large","max-video-preview":"max-video-preview:-1"},"canonical":"https:\/\/finteqc.uqar.ca\/2019\/prog-overview\/","og_locale":"en_US","og_type":"article","og_title":"Program overview - FinteQC 2019","og_description":"The FinteQC 2019 conference program at a glance The language of the presentation is that of the title\u00a0","og_url":"https:\/\/finteqc.uqar.ca\/2019\/prog-overview\/","og_site_name":"FinteQC 2019","article_modified_time":"2019-06-03T19:08:05+00:00","twitter_card":"summary_large_image","twitter_misc":{"Est. reading time":"2 minutes"},"schema":{"@context":"https:\/\/schema.org","@graph":[{"@type":"WebSite","@id":"https:\/\/finteqc.uqar.ca\/2019\/#website","url":"https:\/\/finteqc.uqar.ca\/2019\/","name":"FinteQC 2019","description":"The 1st annual Conference on Fintech and Banking Transformation","potentialAction":[{"@type":"SearchAction","target":{"@type":"EntryPoint","urlTemplate":"https:\/\/finteqc.uqar.ca\/2019\/?s={search_term_string}"},"query-input":"required name=search_term_string"}],"inLanguage":"en-US"},{"@type":"WebPage","@id":"https:\/\/finteqc.uqar.ca\/2019\/prog-overview\/#webpage","url":"https:\/\/finteqc.uqar.ca\/2019\/prog-overview\/","name":"Program overview - FinteQC 2019","isPartOf":{"@id":"https:\/\/finteqc.uqar.ca\/2019\/#website"},"datePublished":"2019-04-23T18:28:04+00:00","dateModified":"2019-06-03T19:08:05+00:00","breadcrumb":{"@id":"https:\/\/finteqc.uqar.ca\/2019\/prog-overview\/#breadcrumb"},"inLanguage":"en-US","potentialAction":[{"@type":"ReadAction","target":["https:\/\/finteqc.uqar.ca\/2019\/prog-overview\/"]}]},{"@type":"BreadcrumbList","@id":"https:\/\/finteqc.uqar.ca\/2019\/prog-overview\/#breadcrumb","itemListElement":[{"@type":"ListItem","position":1,"name":"Accueil","item":"https:\/\/finteqc.uqar.ca\/2019\/"},{"@type":"ListItem","position":2,"name":"Program overview"}]}]}},"_links":{"self":[{"href":"https:\/\/finteqc.uqar.ca\/2019\/wp-json\/wp\/v2\/pages\/5964","targetHints":{"allow":["GET"]}}],"collection":[{"href":"https:\/\/finteqc.uqar.ca\/2019\/wp-json\/wp\/v2\/pages"}],"about":[{"href":"https:\/\/finteqc.uqar.ca\/2019\/wp-json\/wp\/v2\/types\/page"}],"author":[{"embeddable":true,"href":"https:\/\/finteqc.uqar.ca\/2019\/wp-json\/wp\/v2\/users\/1"}],"replies":[{"embeddable":true,"href":"https:\/\/finteqc.uqar.ca\/2019\/wp-json\/wp\/v2\/comments?post=5964"}],"version-history":[{"count":10,"href":"https:\/\/finteqc.uqar.ca\/2019\/wp-json\/wp\/v2\/pages\/5964\/revisions"}],"predecessor-version":[{"id":5971,"href":"https:\/\/finteqc.uqar.ca\/2019\/wp-json\/wp\/v2\/pages\/5964\/revisions\/5971"}],"wp:attachment":[{"href":"https:\/\/finteqc.uqar.ca\/2019\/wp-json\/wp\/v2\/media?parent=5964"}],"curies":[{"name":"wp","href":"https:\/\/api.w.org\/{rel}","templated":true}]}}